{"id":2668,"date":"2019-03-03T02:09:42","date_gmt":"2019-03-03T06:09:42","guid":{"rendered":"https:\/\/atanasmihaltchev.ca\/a-propos-de-moi\/"},"modified":"2026-01-18T14:21:25","modified_gmt":"2026-01-18T18:21:25","slug":"a-propos-de-moi","status":"publish","type":"page","link":"https:\/\/atanasmihaltchev.ca\/fr\/a-propos-de-moi\/","title":{"rendered":"\u00c0 propos de moi"},"content":{"rendered":"\t\t<div data-elementor-type=\"wp-page\" data-elementor-id=\"2668\" class=\"elementor elementor-2668 elementor-2\" data-elementor-post-type=\"page\">\n\t\t\t\t\t\t<section class=\"elementor-section elementor-top-section elementor-element elementor-element-4e026f2f elementor-section-boxed elementor-section-height-default elementor-section-height-default\" data-id=\"4e026f2f\" data-element_type=\"section\" data-e-type=\"section\">\n\t\t\t\t\t\t<div class=\"elementor-container elementor-column-gap-default\">\n\t\t\t\t\t<div class=\"elementor-column elementor-col-100 elementor-top-column elementor-element elementor-element-77a514d\" data-id=\"77a514d\" data-element_type=\"column\" data-e-type=\"column\">\n\t\t\t<div class=\"elementor-widget-wrap elementor-element-populated\">\n\t\t\t\t\t\t<div class=\"elementor-element elementor-element-178c7ed7 elementor-widget elementor-widget-text-editor\" data-id=\"178c7ed7\" data-element_type=\"widget\" data-e-type=\"widget\" data-widget_type=\"text-editor.default\">\n\t\t\t\t<div class=\"elementor-widget-container\">\n\t\t\t\t\t\t\t\t\t<p>Je suis sculpteur sur papier, aquarelliste et photographe, et j&rsquo;ai re\u00e7u plusieurs prix pour mes cr\u00e9ations originales.  <\/p><p>Je suis n\u00e9 \u00e0 Sofia, en Bulgarie, et j&rsquo;ai termin\u00e9 l&rsquo;<a href=\"https:\/\/www.umprum.cz\/\" target=\"_blank\" rel=\"noopener noreferrer\">Acad\u00e9mie des arts appliqu\u00e9s de Prague (UMPRUM)<\/a>, en R\u00e9publique tch\u00e8que. Apr\u00e8s avoir v\u00e9cu en France pendant plusieurs ann\u00e9es, je me suis install\u00e9e au Qu\u00e9bec, au Canada, o\u00f9 j&rsquo;enseigne la photographie et le graphisme. <\/p><p>En 2006, mes jouets en papier ont remport\u00e9 le Grand Prix du prestigieux concours Grafika &#8211; cat\u00e9gorie sp\u00e9ciale. En 2011, j&rsquo;ai remport\u00e9 un deuxi\u00e8me Grand Prix Grafika &#8211; cat\u00e9gorie pochette de CD\/DVD. <\/p><p>Je suis membre de l&rsquo;<a href=\"https:\/\/www.iapma.info\/Galleries\/Gallery\/77319569-44d7-4b68-b420-15949a020523\" target=\"_blank\" rel=\"noopener noreferrer\">Association internationale des fabricants de papier \u00e0 la main et des artistes du papier (IAPMA)<\/a>. J&rsquo;ai particip\u00e9 \u00e0 plusieurs reprises au <a href=\"https:\/\/www.amateras.eu\/\" target=\"_blank\" rel=\"noopener noreferrer\">Amateras Sofia Paper Art Fest<\/a> o\u00f9, en 2018, j&rsquo;ai re\u00e7u une mention honorable. <\/p><p>Je suis membre de l&rsquo;<a href=\"https:\/\/sbh.bg\/bg\/member\/870\/atanas-mihalchev\" target=\"_blank\" rel=\"noopener\">Union des artistes bulgares (UBA).<\/a><\/p><p>J&rsquo;ai publi\u00e9 <a href=\"https:\/\/www.amazon.com\/-\/e\/B00J6AK078\" target=\"_blank\" rel=\"noopener\">trois livres de kirigami<\/a> chez Dover Children&rsquo;s Activity Books.<\/p><p>Je suis un <a href=\"https:\/\/matieres.ca\/artisans\/atanas-mihaltchev\" target=\"_blank\" rel=\"noopener\">membre professionnel actif<\/a> du Conseil des m\u00e9tiers d&rsquo;art du Qu\u00e9bec.<\/p><p><span style=\"font-size: revert;\">Je <\/span>suis <span style=\"font-size: revert;\"> \u00e9galement membre de la <a href=\"https:\/\/aquarelle.ca\/mihaltchev-atanas\" target=\"_blank\" rel=\"noopener noreferrer\">Soci\u00e9t\u00e9 canadienne de l&rsquo;aquarelle.<\/a><\/span><\/p><p class=\"p1\"><span class=\"s1\">Je suis membre de la <a href=\"https:\/\/www.portraitsociety.org\/\" target=\"_blank\" rel=\"noopener\">Portrait Society of America<\/a><a href=\"https:\/\/www.portraitsociety.org\/\" target=\"_blank\" rel=\"noopener\">.<\/a><\/span><\/p><p><strong><br>Expositions r\u00e9centes<\/strong><\/p><ul><li style=\"list-style-type: none;\"><ul><li>Portrait Society of America, <a href=\"https:\/\/www.facebook.com\/share\/1ARDUF7Bws\/\" target=\"_blank\" rel=\"noopener noreferrer\">Members Only Competition &#8211; finaliste dans la cat\u00e9gorie \u00ab\u00a0Animals as the Subject\u00a0\u00bb<\/a> &#8211; 2025<\/li><li>Biennale Internationale 2024 &#8211; Soci\u00e9t\u00e9 canadienne de l&rsquo;aquarelle<\/li><li>Portrait Society of America, <a href=\"https:\/\/www.portraitsociety.org\/moc2023winners?lightbox=dataItem-lq17hbhb\" target=\"_blank\" rel=\"noopener noreferrer\">Members Only Competition &#8211; huiti\u00e8me place dans la cat\u00e9gorie \u00ab\u00a0Animals as the Subject\u00a0\u00bb<\/a> &#8211; 2023<\/li><li><a href=\"https:\/\/www.gallea.ca\/fr\/artistes\/atanas\" target=\"_blank\" rel=\"noopener\">La galerie d&rsquo;art en ligne Gallea &#8211; 2023<\/a><\/li><li>APPROACH, Toyota City, Japon &#8211; 2021<\/li><li>Amateras Sofia Paper Art Fest, Bulgarie &#8211; 2015, 2016, 2017, 2018, 2019, 2020, 2021, 2022, 2023<\/li><li>CAMAC, Montr\u00e9al, Canada &#8211; 2021<\/li><li>Sant\u00e9 mentale, Galerie 1855, St-Hyacinthe, Canada &#8211; 2021<\/li><li>Miniprint Kazanlak, Galerie d&rsquo;art Kazanlak, Bulgarie &#8211; 2021<\/li><li>AMERICAS PAPERWORKS, Northwest Arts Center, Minot State University, USA &#8211; 2020, 2021<\/li><li>Magnitude Seven, Manifest Gallery, Cincinnati, Ohio, USA &#8211; 2019<\/li><li>NONESUCH POUR LES ARTS PAPIER, Nouvelle-\u00c9cosse, Canada &#8211; 2017<\/li><\/ul><\/li><\/ul>\t\t\t\t\t\t\t\t<\/div>\n\t\t\t\t<\/div>\n\t\t\t\t\t<\/div>\n\t\t<\/div>\n\t\t\t\t\t<\/div>\n\t\t<\/section>\n\t\t\t\t<\/div>\n\t\t","protected":false},"excerpt":{"rendered":"<p>Je suis sculpteur sur papier, aquarelliste et photographe, et j&rsquo;ai re\u00e7u plusieurs prix pour mes cr\u00e9ations originales. Je suis n\u00e9 \u00e0 Sofia, en Bulgarie, et j&rsquo;ai termin\u00e9 l&rsquo;Acad\u00e9mie des arts appliqu\u00e9s de Prague (UMPRUM), en R\u00e9publique tch\u00e8que. Apr\u00e8s avoir v\u00e9cu en France pendant plusieurs ann\u00e9es, je me suis install\u00e9e au Qu\u00e9bec, au Canada, o\u00f9 j&rsquo;enseigne &hellip; <\/p>\n<p class=\"link-more\"><a href=\"https:\/\/atanasmihaltchev.ca\/fr\/a-propos-de-moi\/\" class=\"more-link\">Continuer la lecture<span class=\"screen-reader-text\"> de &laquo;&nbsp;\u00c0 propos de moi&nbsp;&raquo;<\/span><\/a><\/p>\n","protected":false},"author":1,"featured_media":0,"parent":0,"menu_order":0,"comment_status":"closed","ping_status":"closed","template":"","meta":{"footnotes":""},"class_list":["post-2668","page","type-page","status-publish","hentry"],"jetpack-related-posts":[],"jetpack_sharing_enabled":true,"_links":{"self":[{"href":"https:\/\/atanasmihaltchev.ca\/fr\/wp-json\/wp\/v2\/pages\/2668","targetHints":{"allow":["GET"]}}],"collection":[{"href":"https:\/\/atanasmihaltchev.ca\/fr\/wp-json\/wp\/v2\/pages"}],"about":[{"href":"https:\/\/atanasmihaltchev.ca\/fr\/wp-json\/wp\/v2\/types\/page"}],"author":[{"embeddable":true,"href":"https:\/\/atanasmihaltchev.ca\/fr\/wp-json\/wp\/v2\/users\/1"}],"replies":[{"embeddable":true,"href":"https:\/\/atanasmihaltchev.ca\/fr\/wp-json\/wp\/v2\/comments?post=2668"}],"version-history":[{"count":28,"href":"https:\/\/atanasmihaltchev.ca\/fr\/wp-json\/wp\/v2\/pages\/2668\/revisions"}],"predecessor-version":[{"id":2856,"href":"https:\/\/atanasmihaltchev.ca\/fr\/wp-json\/wp\/v2\/pages\/2668\/revisions\/2856"}],"wp:attachment":[{"href":"https:\/\/atanasmihaltchev.ca\/fr\/wp-json\/wp\/v2\/media?parent=2668"}],"curies":[{"name":"wp","href":"https:\/\/api.w.org\/{rel}","templated":true}]}}